{"id":78,"date":"2024-01-04T09:55:07","date_gmt":"2024-01-04T08:55:07","guid":{"rendered":"https:\/\/klima-becker.de\/karriere\/?page_id=78"},"modified":"2026-03-12T12:13:31","modified_gmt":"2026-03-12T11:13:31","slug":"das-sind-wir","status":"publish","type":"page","link":"https:\/\/klima-becker.de\/karriere\/das-sind-wir\/","title":{"rendered":"Das sind Wir"},"content":{"rendered":"<div class=\"lazyblock-headline-ZXUHbl wp-block-lazyblock-headline\"><div class=\"raw mainHeadline\">\n    <div class=\"headline\">\n        <div class=\"subtitle\">Das sind wir<\/div>\n        <div class=\"title\">Arbeiten bei Klima Becker<\/div>\n    <\/div>\n<\/div><\/div>\n\n<div class=\"lazyblock-animation-image-slider-Zpt0eG wp-block-lazyblock-animation-image-slider\"><div class=\"raw\">\n    <div class=\"animationSlider\">\n        <div id=\"slider\">\n\n            <div class=\"slider-inner\">\n                <div id=\"slider-content\">\n                                        \n\n                                                            <h2 id=\"slide-title\">Wir stehen f\u00fcr eine erstklassige Ausbildung<\/h2>\n                                                <span data-slide-title=\"0\">Wir stehen f\u00fcr eine erstklassige Ausbildung<\/span>\n                                                                                        <span data-slide-title=\"1\">Wir lieben unser Handwerk<\/span>\n                                                                                        <span data-slide-title=\"2\">Wir sind Allrounder<\/span>\n                                                                                        <span data-slide-title=\"3\">Wie sind ein starkes Team<\/span>\n                                            \n                    <div class=\"meta\">Klima Becker<\/div>\n\n                                                                        <div id=\"slide-status\">Ausbildung mit Verstand &#038; Herz<\/div>\n                                                <span data-slide-status=\"0\">Ausbildung mit Verstand &#038; Herz<\/span>\n                                                                                            <span data-slide-status=\"1\">Jobs mit Hand &#038; Kopf<\/span>\n                                                                                            <span data-slide-status=\"2\">Kompetenz mit Erfahrung &#038; Innovation<\/span>\n                                                                                            <span data-slide-status=\"3\">Arbeit mit Zusammenhalt &#038; Spa\u00df<\/span>\n                                            \n                <\/div>\n            <\/div>\n\n            \n                                                                <img decoding=\"async\" class=\"firstSliderImage\" src=\"https:\/\/klima-becker.de\/karriere\/wp-content\/uploads\/sites\/7\/2024\/01\/Wir-sind-ein-junges-Team.jpg\" alt=\"\" \/>\n                                                                                <img decoding=\"async\" src=\"https:\/\/klima-becker.de\/karriere\/wp-content\/uploads\/sites\/7\/2024\/01\/Wir-lieben-unser-Handwerk.jpg\" alt=\"\" \/>\n                                                                                <img decoding=\"async\" src=\"https:\/\/klima-becker.de\/karriere\/wp-content\/uploads\/sites\/7\/2024\/01\/Wir-sind-Allrounder.jpg\" alt=\"\" \/>\n                                                                                <img decoding=\"async\" src=\"https:\/\/klima-becker.de\/karriere\/wp-content\/uploads\/sites\/7\/2024\/01\/Distorsion-Muster-1400_400px_16.jpg\" alt=\"\" \/>\n                            \n            <div id=\"pagination\">\n                                        <button class=\"active\" data-slide=\"0\"><\/button>\n                                                <button data-slide=\"1\"><\/button>\n                                                <button data-slide=\"2\"><\/button>\n                                                <button data-slide=\"3\"><\/button>\n                                    <\/div>\n\n        <\/div>\n\n\n\n\n    <\/div>\n<\/div><\/div>\n\n\n<div style=\"height:40px\" aria-hidden=\"true\" class=\"wp-block-spacer\"><\/div>\n\n\n<div class=\"lazyblock-bild-text-small-2sENS7 wp-block-lazyblock-bild-text-small\"><div class=\"raw\">\n    <div class=\"bildTextSmall\">\n        <div class=\"image\">\n            <picture class=\"bild\">\n                <img decoding=\"async\" src=\"https:\/\/klima-becker.de\/karriere\/wp-content\/uploads\/sites\/7\/2024\/01\/Klima-Becker-Karriere.jpg\" alt=\"\" \/>\n            <\/picture>\n        <\/div>\n        <div class=\"textBlock\">\n            <div class=\"headline\">\n                <div class=\"subtitle\">Daf\u00fcr stehen wir<\/div>\n                <div class=\"title\">Werte. Teilen. Leben.<\/div>\n            <\/div>\n\n            <div class=\"text\"><span class=\"blue\">ZIELORIENTIERT<\/span><br \/>\nWir sind &#8211; innovativ  &#8211; nachhaltig &#8211; verantwortungsbewusst &#8211; auf der H\u00f6he der Zeit &#8211; vorausschauend<br \/><br \/><br \/>\n<span class=\"blue\">MENSCHLICH<\/span><br \/>\nWir schenken Dir &#8211;  Entwicklungsspielr\u00e4ume &#8211; Vertrauen &#8211; Eigenverantwortung &#8211; volle Unterst\u00fctzung<br \/><br \/><br \/>\n<span class=\"blue\">ZUVERL\u00c4SSIG<\/span><br \/>\nWir glauben an &#8211;  Teamgeist &#8211; Fairness &#8211; Respekt &#8211; Zusammenhalt &#8211; Tradition &#8211; Unternehmergeist &#8211; Zuverl\u00e4ssigkeit<\/div>\n        <\/div>\n    <\/div>\n\n<\/div><\/div>\n\n\n<div style=\"height:120px\" aria-hidden=\"true\" class=\"wp-block-spacer\"><\/div>\n\n\n<div class=\"lazyblock-title-text-Z4yjYD wp-block-lazyblock-title-text\"><div class=\"raw\">\n    <div class=\"titelText\">\n        <div class=\"left\">\n            <div class=\"headline\">\n                <div class=\"subtitle\">Daf\u00fcr setzen wir uns ein<\/div>\n                <div class=\"title\">Versprechen.<br \/>Gemeinsam. Einhalten.<\/div>\n            <\/div>\n        <\/div>\n        <div class=\"textBlock\">\n            <div class=\"text\"><span class=\"blue\">Vorbild<\/span><br \/>\nWertsch\u00e4tzung zeigen, Versprechen halten, Fair sein, Verbesserungen anstreben<br \/><br \/>\n\n<span class=\"blue\">Erfolg<\/span><br \/>\nErfolge vorantreiben, Visionen teilen, Entscheidungen treffen, transparent kommunizieren, Verantwortlichkeiten sicherstellen<br \/><br \/>\n\n<span class=\"blue\">Team<\/span><br \/>\nEigenverantwortung st\u00e4rken, Mitarbeiter fordern und f\u00f6rdern, Gemeinsam erfolgreich, Feedback geben<\/div>\n        <\/div>\n    <\/div>\n\n<\/div><\/div>\n\n\n<div style=\"height:120px\" aria-hidden=\"true\" class=\"wp-block-spacer\"><\/div>\n\n\n<div class=\"lazyblock-usps-karriere-Zf07nh wp-block-lazyblock-usps-karriere\"><div id=\"usps\">\n    <div class=\"raw\">\n        <div class=\"headline\">\n            <div class=\"subtitle\">Ein paar Fakten<\/div>\n            <div class=\"title\">in Zahlen.<\/div>\n        <\/div>\n\n                <div id=\"usp\" class=\"usps\" data-start=\"false\">\n\n                            <div class=\"item\">\n                    <div class=\"counter\" id=\"counterFirst\" data-count=\"1928\">0<\/div>\n                                            <div id=\"animation-year\" class=\"bild\"><\/div>\n                                        <div class=\"text\">gegr\u00fcndet<\/div>\n                <\/div>\n                            <div class=\"item\">\n                    <div class=\"counter\"  data-count=\"480\">0<\/div>\n                                            <div id=\"animation-worker\" class=\"bild\"><\/div>\n                                        <div class=\"text\">Mitarbeiter<\/div>\n                <\/div>\n                            <div class=\"item\">\n                    <div class=\"counter\"  data-count=\"11\">0<\/div>\n                                            <div id=\"animation-places\" class=\"bild\"><\/div>\n                                        <div class=\"text\">Standorte<\/div>\n                <\/div>\n                            <div class=\"item\">\n                    <div class=\"counter\"  data-count=\"250\">0<\/div>\n                                            <div id=\"animation-vehicles\" class=\"bild\"><\/div>\n                                        <div class=\"text\">Service Fahrzeuge<\/div>\n                <\/div>\n                    <\/div>\n    <\/div>\n<\/div>\n\n<\/div>\n\n<div class=\"lazyblock-mitarbeiter-organigram-20CtD wp-block-lazyblock-mitarbeiter-organigram\"><div class=\"teamHaeder\">\n    <div class=\"raw\">\n        <div class=\"headline\">\n            <div class=\"subtitle\">Klima Becker<\/div>\n            <div class=\"title\">F\u00fchrung. Verantwortungsvoll. Miteinander.<\/div>\n        <\/div>\n        <div class=\"organigramm\">\n                            <a class=\"download\" href=\"https:\/\/klima-becker.de\/karriere\/wp-content\/uploads\/sites\/7\/2025\/09\/250729-KBG-Organigramm.pdf\" target=\"_blank\">Unternehmensorganigram<\/a>\n                    <\/div>\n    <\/div>\n<\/div>\n\n<div class=\"raw\">\n    <div class=\"team\">\n        <div class=\"teamSlider\">\n                                                <div>\n                       <div class=\"team-member-item\">\n                          <div class=\"image\"><img decoding=\"async\" loading=\"lazy\" src=\"https:\/\/klima-becker.de\/karriere\/wp-content\/uploads\/sites\/7\/2025\/06\/Becker_447x358px.png\" alt=\"\" \/><\/div>\n                           <div class=\"info\">\n                               <div class=\"name\">Thomas Becker<\/div>\n                               <div class=\"text\"><p>Gesch\u00e4ftsf\u00fchrer Klima Becker Gruppe GmbH, Klima Becker Full Service GmbH, Klima Becker Anlagenbau GmbH, Becker Reinraumtechnik GmbH<\/p><\/div>\n                           <\/div>\n                       <\/div>\n                    <\/div>\n                                                                <div>\n                       <div class=\"team-member-item\">\n                          <div class=\"image\"><img decoding=\"async\" loading=\"lazy\" src=\"https:\/\/klima-becker.de\/karriere\/wp-content\/uploads\/sites\/7\/2025\/06\/Scheurer_447x358px.png\" alt=\"\" \/><\/div>\n                           <div class=\"info\">\n                               <div class=\"name\">Goetz Scheurer<\/div>\n                               <div class=\"text\"><p>Prokurist Klima Becker Gruppe GmbH, Gesch\u00e4ftsf\u00fchrer SLKB GmbH, Gesch\u00e4ftsf\u00fchrer G\u00fcnter Bosel GmbH<\/p><\/div>\n                           <\/div>\n                       <\/div>\n                    <\/div>\n                                                                <div>\n                       <div class=\"team-member-item\">\n                          <div class=\"image\"><img decoding=\"async\" loading=\"lazy\" src=\"https:\/\/klima-becker.de\/karriere\/wp-content\/uploads\/sites\/7\/2025\/09\/Design-ohne-Titel-7.png\" alt=\"\" \/><\/div>\n                           <div class=\"info\">\n                               <div class=\"name\">Dominik Frank<\/div>\n                               <div class=\"text\"><p>Gesch\u00e4ftsf\u00fchrer Klima Becker Anlagenbau GmbH<\/p><\/div>\n                           <\/div>\n                       <\/div>\n                    <\/div>\n                                                                <div>\n                       <div class=\"team-member-item\">\n                          <div class=\"image\"><img decoding=\"async\" loading=\"lazy\" src=\"https:\/\/klima-becker.de\/karriere\/wp-content\/uploads\/sites\/7\/2025\/06\/Nikolaus_447x358px.png\" alt=\"\" \/><\/div>\n                           <div class=\"info\">\n                               <div class=\"name\">Christopher Nikolaus<\/div>\n                               <div class=\"text\"><p>Prokurist SLKB GmbH, Kaufm. Leiter, Prokurist Klima Becker Anlagenbau GmbH<\/p><\/div>\n                           <\/div>\n                       <\/div>\n                    <\/div>\n                                                                <div>\n                       <div class=\"team-member-item\">\n                          <div class=\"image\"><img decoding=\"async\" loading=\"lazy\" src=\"https:\/\/klima-becker.de\/karriere\/wp-content\/uploads\/sites\/7\/2025\/06\/Stark-447x358px.png\" alt=\"\" \/><\/div>\n                           <div class=\"info\">\n                               <div class=\"name\">Christian Stark<\/div>\n                               <div class=\"text\"><p>Gesch\u00e4ftsf\u00fchrer Klima Becker Full Service GmbH<\/p><\/div>\n                           <\/div>\n                       <\/div>\n                    <\/div>\n                                                                <div>\n                       <div class=\"team-member-item\">\n                          <div class=\"image\"><img decoding=\"async\" loading=\"lazy\" src=\"https:\/\/klima-becker.de\/karriere\/wp-content\/uploads\/sites\/7\/2025\/07\/Mey_447x358px.jpg\" alt=\"\" \/><\/div>\n                           <div class=\"info\">\n                               <div class=\"name\">Thomas Mey<\/div>\n                               <div class=\"text\"><p>Gesch\u00e4ftsleitung, Prokursit Klima Becker Full Service GmbH<\/p><\/div>\n                           <\/div>\n                       <\/div>\n                    <\/div>\n                                                                <div>\n                       <div class=\"team-member-item\">\n                          <div class=\"image\"><img decoding=\"async\" loading=\"lazy\" src=\"https:\/\/klima-becker.de\/karriere\/wp-content\/uploads\/sites\/7\/2025\/06\/Emser-447x358px.png\" alt=\"\" \/><\/div>\n                           <div class=\"info\">\n                               <div class=\"name\">Mike Emser<\/div>\n                               <div class=\"text\"><p>Kaufm. Leiter, Prokurist Klima Becker Full Service GmbH<\/p><\/div>\n                           <\/div>\n                       <\/div>\n                    <\/div>\n                                                                <div>\n                       <div class=\"team-member-item\">\n                          <div class=\"image\"><img decoding=\"async\" loading=\"lazy\" src=\"https:\/\/klima-becker.de\/karriere\/wp-content\/uploads\/sites\/7\/2025\/07\/Pfeiffer_447x358px.jpg\" alt=\"\" \/><\/div>\n                           <div class=\"info\">\n                               <div class=\"name\">Thomas Pfeiffer<\/div>\n                               <div class=\"text\"><p>Gesch\u00e4ftsf\u00fchrer G\u00fcnther Bosel GmbH<\/p><\/div>\n                           <\/div>\n                       <\/div>\n                    <\/div>\n                                    <\/div>\n    <\/div>\n<\/div><\/div>\n\n\n<div style=\"height:120px\" aria-hidden=\"true\" class=\"wp-block-spacer\"><\/div>\n\n\n<div class=\"lazyblock-pluspunkte-ZgnBlq wp-block-lazyblock-pluspunkte\"><div class=\"pluspunkte\">\n    <div class=\"raw\">\n        <div class=\"left\">\n            <div class=\"headline\">\n                <div class=\"subtitle\">Klima Becker Pluspunkte<\/div>\n                <div class=\"title\">Gutes.<br\/>Arbeitsklima.<br\/>Gestalten.<\/div>\n            <\/div>\n        <\/div>\n\n        <div class=\"right\">\n            <div class=\"plusSlider\">\n                <div class=\"sliderNav\">\n                                                                    \n                        <div class=\"item  is--active \" data-item=\"01\">01<\/div>\n                                                                    \n                        <div class=\"item \" data-item=\"02\">02<\/div>\n                                                                    \n                        <div class=\"item \" data-item=\"03\">03<\/div>\n                                                                    \n                        <div class=\"item \" data-item=\"04\">04<\/div>\n                                                                    \n                        <div class=\"item \" data-item=\"05\">05<\/div>\n                                                                    \n                        <div class=\"item \" data-item=\"06\">06<\/div>\n                                                                    \n                        <div class=\"item \" data-item=\"07\">07<\/div>\n                                                                    \n                        <div class=\"item \" data-item=\"08\">08<\/div>\n                                                                    \n                        <div class=\"item \" data-item=\"09\">09<\/div>\n                                                                    \n                        <div class=\"item \" data-item=\"10\">10<\/div>\n                                                                    \n                        <div class=\"item \" data-item=\"11\">11<\/div>\n                                    <\/div>\n                    <div class=\"sliderContent\">\n                                                                                                    <div class=\"pluspunkt  is--active \" data-item=\"01\"><div class=\"numbers\">01                            <\/div><div class=\"info\">Work-Life-Balance-Monteure<\/div>\n                             <div class=\"text\"><p>Wir vereinen Beruf und Privat \u2013 durch unser gro\u00dfes Team k\u00f6nnen im Sommer die Urlaubsw\u00fcnsche ber\u00fccksichtigt werden und die Notdiensteins\u00e4tze verteilen sich auf viele Schultern.<\/p><\/div>\n                            <\/div>\n                                                                                                    <div class=\"pluspunkt \" data-item=\"02\"><div class=\"numbers\">02                            <\/div><div class=\"info\">Flexible Arbeitszeiten<\/div>\n                             <div class=\"text\"><p>Wir sind flexibel \u2013 je nach Bereich und Position k\u00f6nnen unsere Mitarbeiter ihre Arbeitszeiten flexibel gestalten.<\/p><\/div>\n                            <\/div>\n                                                                                                    <div class=\"pluspunkt \" data-item=\"03\"><div class=\"numbers\">03                            <\/div><div class=\"info\">Umfassende Einarbeitung<\/div>\n                             <div class=\"text\"><p>Wir sind gut vorbereitet \u2013Vom ersten Tag an unterst\u00fctzen wir unsere Mitarbeiter dabei, sich Schritt f\u00fcr Schritt in Ihre neuen Aufgaben einzuarbeiten.<\/p><\/div>\n                            <\/div>\n                                                                                                    <div class=\"pluspunkt \" data-item=\"04\"><div class=\"numbers\">04                            <\/div><div class=\"info\">Urlaub<\/div>\n                             <div class=\"text\"><p>Wir sorgen f\u00fcr Erholung \u2013 wir wissen, dass Urlaub die sch\u00f6nste Zeit im Jahr ist, deswegen haben Sie bei uns bis zu 32 Urlaubstage.<\/p><\/div>\n                            <\/div>\n                                                                                                    <div class=\"pluspunkt \" data-item=\"05\"><div class=\"numbers\">05                            <\/div><div class=\"info\">Teamevents<\/div>\n                             <div class=\"text\"><p>Wir feiern gerne \u2013 deswegen finden bei uns neben Teamevents, Grillveranstaltungen auch jedes Jahr ein Sommerfest und eine gro\u00dfe Weihnachtsfeier statt.<\/p><\/div>\n                            <\/div>\n                                                                                                    <div class=\"pluspunkt \" data-item=\"06\"><div class=\"numbers\">06                            <\/div><div class=\"info\">Fitnessstudio<\/div>\n                             <div class=\"text\"><p>Wir sorgen daf\u00fcr, dass Sie fit bleiben\u2013 mit unserer Firmenkooperation trainieren Sie in den Fitnessstudios von McFit, High Five und John Reed g\u00fcnstiger.<\/p><\/div>\n                            <\/div>\n                                                                                                    <div class=\"pluspunkt \" data-item=\"07\"><div class=\"numbers\">07                            <\/div><div class=\"info\">Betriebliche Gesundheitsf\u00f6rderung<\/div>\n                             <div class=\"text\"><p>Wir sorgen daf\u00fcr, dass Sie gesund bleiben \u2013 wir unterst\u00fctzen unsere Mitarbeiter mit zahlreichen Ma\u00dfnahmen zum betrieblichen Gesundheitsmanagement: einen Newsletter, Kurse, Workshops und verschiedene Aktionen rundum die Themen Gesundheit, Bewegung, Ern\u00e4hrung und Entspannung.<\/p><\/div>\n                            <\/div>\n                                                                                                    <div class=\"pluspunkt \" data-item=\"08\"><div class=\"numbers\">08                            <\/div><div class=\"info\">Betriebliche Altersvorsorge<\/div>\n                             <div class=\"text\"><p>Wir denken weiter \u2013 damit Sie ihren Ruhestand richtig genie\u00dfen k\u00f6nnen, bieten wir unseren Mitarbeiter die M\u00f6glichkeit zum Verm\u00f6gensaufbau mit der betrieblichen Altersvorsorge.<\/p><\/div>\n                            <\/div>\n                                                                                                    <div class=\"pluspunkt \" data-item=\"09\"><div class=\"numbers\">09                            <\/div><div class=\"info\">Jobbike<\/div>\n                             <div class=\"text\"><p>Wir kennen keine Gnade f\u00fcr die Wade \u2013 wir bieten unseren Mitarbeitern die M\u00f6glichkeit, ein Wunschfahrrad zu leasen und damit kosteng\u00fcnstig und clever mobil zu sein.<\/p><\/div>\n                            <\/div>\n                                                                                                    <div class=\"pluspunkt \" data-item=\"10\"><div class=\"numbers\">10                            <\/div><div class=\"info\">Mitarbeiterrabatte<\/div>\n                             <div class=\"text\"><p>Wir sorgen f\u00fcr das beste Angebot \u2013 mit unseren Corporate Benefits finden Sie immer das beste Schn\u00e4ppchen unter zahlreichen namenhaften Marken.<\/p><\/div>\n                            <\/div>\n                                                                                                    <div class=\"pluspunkt \" data-item=\"11\"><div class=\"numbers\">11                            <\/div><div class=\"info\">Obst &#038; Getr\u00e4nk<\/div>\n                             <div class=\"text\"><p>Wir leben gesund \u2013 wir stellen unseren Mitarbeiter eine gro\u00dfe Auswahl an saisonalem Obst, Nervennahrung sowie kalte und warme Getr\u00e4nke zur Verf\u00fcgung.<\/p><\/div>\n                            <\/div>\n                                            <\/div>\n            <\/div>\n        <\/div>\n    <\/div>\n\n<\/div><\/div>\n\n\n<div style=\"height:120px\" aria-hidden=\"true\" class=\"wp-block-spacer\"><\/div>\n\n\n<div class=\"lazyblock-full-width-image-with-text-dLjQi wp-block-lazyblock-full-width-image-with-text\"><section class=\"FullImageText\">\n    <div class=\"wp-block-lazyblock-full-width-image-with-text\"> <!-- add custom css classes -->\n        <!-- Header Position Top -->\n                <!-- EOF: Header Position Top -->\n\n        <div class=\"raw\">\n            <div class=\"image image--right\">\n\n                <picture class=\"bild\">\n                    <img decoding=\"async\" loading=\"lazy\" src=\"https:\/\/klima-becker.de\/karriere\/wp-content\/uploads\/sites\/7\/2024\/01\/Klima-Becker-Innovationen.png\" alt=\"\" \/>\n                <\/picture>\n            <\/div>\n\n            <div class=\"text text--right\">\n                <!-- Header Position Text -->\n                                    <div class=\"headline\">\n                        <div class=\"subtitle\">Das ist unser Ziel<\/div>\n                        <div class=\"title\">Innovation. Gemeinsam.<br\/>Schaffen.<\/div>\n                    <\/div>\n                                <!-- EOF: Header Position Text -->\n                <p>Wir sind stolz auf unsere Tradition und das gemeinsam Erreichte. Klima Becker hat sich als starke Marke in dem Bereich Klima-, K\u00e4lte-, L\u00fcftungs-, Heizungs- &amp; Sanit\u00e4rtechnik platziert und setzt sein konstantes Wachstum fort. Wir setzen auf eine exzellente Ausbildung, denn junge Menschen sind unsere Zukunft. All das machen wir, um eine erfolgreiche Zukunft mit und f\u00fcr unsere Kunden zu schaffen und ein sicherer und stabiler Arbeitgeber f\u00fcr unsere Mitarbeiter zu sein.<\/p>            <\/div>\n        <\/div>\n    <\/div>\n<\/section><\/div>","protected":false},"excerpt":{"rendered":"","protected":false},"author":2,"featured_media":0,"parent":0,"menu_order":0,"comment_status":"closed","ping_status":"closed","template":"","meta":{"_acf_changed":false,"footnotes":""},"class_list":["post-78","page","type-page","status-publish","hentry"],"acf":[],"yoast_head":"<!-- This site is optimized with the Yoast SEO plugin v27.2 - https:\/\/yoast.com\/product\/yoast-seo-wordpress\/ -->\n<title>Das sind Wir - Klima Becker Karriere<\/title>\n<meta name=\"robots\" content=\"index, follow, max-snippet:-1, max-image-preview:large, max-video-preview:-1\" \/>\n<link rel=\"canonical\" href=\"https:\/\/klima-becker.de\/karriere\/das-sind-wir\/\" \/>\n<meta property=\"og:locale\" content=\"de_DE\" \/>\n<meta property=\"og:type\" content=\"article\" \/>\n<meta property=\"og:title\" content=\"Das sind Wir - Klima Becker Karriere\" \/>\n<meta property=\"og:url\" content=\"https:\/\/klima-becker.de\/karriere\/das-sind-wir\/\" \/>\n<meta property=\"og:site_name\" content=\"Klima Becker Karriere\" \/>\n<meta property=\"article:modified_time\" content=\"2026-03-12T11:13:31+00:00\" \/>\n<meta name=\"twitter:card\" content=\"summary_large_image\" \/>\n<script type=\"application\/ld+json\" class=\"yoast-schema-graph\">{\"@context\":\"https:\/\/schema.org\",\"@graph\":[{\"@type\":\"WebPage\",\"@id\":\"https:\/\/klima-becker.de\/karriere\/das-sind-wir\/\",\"url\":\"https:\/\/klima-becker.de\/karriere\/das-sind-wir\/\",\"name\":\"Das sind Wir - Klima Becker Karriere\",\"isPartOf\":{\"@id\":\"https:\/\/klima-becker.de\/karriere\/#website\"},\"datePublished\":\"2024-01-04T08:55:07+00:00\",\"dateModified\":\"2026-03-12T11:13:31+00:00\",\"breadcrumb\":{\"@id\":\"https:\/\/klima-becker.de\/karriere\/das-sind-wir\/#breadcrumb\"},\"inLanguage\":\"de\",\"potentialAction\":[{\"@type\":\"ReadAction\",\"target\":[\"https:\/\/klima-becker.de\/karriere\/das-sind-wir\/\"]}]},{\"@type\":\"BreadcrumbList\",\"@id\":\"https:\/\/klima-becker.de\/karriere\/das-sind-wir\/#breadcrumb\",\"itemListElement\":[{\"@type\":\"ListItem\",\"position\":1,\"name\":\"Startseite\",\"item\":\"https:\/\/klima-becker.de\/karriere\/\"},{\"@type\":\"ListItem\",\"position\":2,\"name\":\"Das sind Wir\"}]},{\"@type\":\"WebSite\",\"@id\":\"https:\/\/klima-becker.de\/karriere\/#website\",\"url\":\"https:\/\/klima-becker.de\/karriere\/\",\"name\":\"Klima Becker Karriere\",\"description\":\"\",\"potentialAction\":[{\"@type\":\"SearchAction\",\"target\":{\"@type\":\"EntryPoint\",\"urlTemplate\":\"https:\/\/klima-becker.de\/karriere\/?s={search_term_string}\"},\"query-input\":{\"@type\":\"PropertyValueSpecification\",\"valueRequired\":true,\"valueName\":\"search_term_string\"}}],\"inLanguage\":\"de\"}]}<\/script>\n<!-- \/ Yoast SEO plugin. -->","yoast_head_json":{"title":"Das sind Wir - Klima Becker Karriere","robots":{"index":"index","follow":"follow","max-snippet":"max-snippet:-1","max-image-preview":"max-image-preview:large","max-video-preview":"max-video-preview:-1"},"canonical":"https:\/\/klima-becker.de\/karriere\/das-sind-wir\/","og_locale":"de_DE","og_type":"article","og_title":"Das sind Wir - Klima Becker Karriere","og_url":"https:\/\/klima-becker.de\/karriere\/das-sind-wir\/","og_site_name":"Klima Becker Karriere","article_modified_time":"2026-03-12T11:13:31+00:00","twitter_card":"summary_large_image","schema":{"@context":"https:\/\/schema.org","@graph":[{"@type":"WebPage","@id":"https:\/\/klima-becker.de\/karriere\/das-sind-wir\/","url":"https:\/\/klima-becker.de\/karriere\/das-sind-wir\/","name":"Das sind Wir - Klima Becker Karriere","isPartOf":{"@id":"https:\/\/klima-becker.de\/karriere\/#website"},"datePublished":"2024-01-04T08:55:07+00:00","dateModified":"2026-03-12T11:13:31+00:00","breadcrumb":{"@id":"https:\/\/klima-becker.de\/karriere\/das-sind-wir\/#breadcrumb"},"inLanguage":"de","potentialAction":[{"@type":"ReadAction","target":["https:\/\/klima-becker.de\/karriere\/das-sind-wir\/"]}]},{"@type":"BreadcrumbList","@id":"https:\/\/klima-becker.de\/karriere\/das-sind-wir\/#breadcrumb","itemListElement":[{"@type":"ListItem","position":1,"name":"Startseite","item":"https:\/\/klima-becker.de\/karriere\/"},{"@type":"ListItem","position":2,"name":"Das sind Wir"}]},{"@type":"WebSite","@id":"https:\/\/klima-becker.de\/karriere\/#website","url":"https:\/\/klima-becker.de\/karriere\/","name":"Klima Becker Karriere","description":"","potentialAction":[{"@type":"SearchAction","target":{"@type":"EntryPoint","urlTemplate":"https:\/\/klima-becker.de\/karriere\/?s={search_term_string}"},"query-input":{"@type":"PropertyValueSpecification","valueRequired":true,"valueName":"search_term_string"}}],"inLanguage":"de"}]}},"_links":{"self":[{"href":"https:\/\/klima-becker.de\/karriere\/wp-json\/wp\/v2\/pages\/78","targetHints":{"allow":["GET"]}}],"collection":[{"href":"https:\/\/klima-becker.de\/karriere\/wp-json\/wp\/v2\/pages"}],"about":[{"href":"https:\/\/klima-becker.de\/karriere\/wp-json\/wp\/v2\/types\/page"}],"author":[{"embeddable":true,"href":"https:\/\/klima-becker.de\/karriere\/wp-json\/wp\/v2\/users\/2"}],"replies":[{"embeddable":true,"href":"https:\/\/klima-becker.de\/karriere\/wp-json\/wp\/v2\/comments?post=78"}],"version-history":[{"count":22,"href":"https:\/\/klima-becker.de\/karriere\/wp-json\/wp\/v2\/pages\/78\/revisions"}],"predecessor-version":[{"id":363,"href":"https:\/\/klima-becker.de\/karriere\/wp-json\/wp\/v2\/pages\/78\/revisions\/363"}],"wp:attachment":[{"href":"https:\/\/klima-becker.de\/karriere\/wp-json\/wp\/v2\/media?parent=78"}],"curies":[{"name":"wp","href":"https:\/\/api.w.org\/{rel}","templated":true}]}}